{"id":6711,"date":"2025-01-31T08:36:58","date_gmt":"2025-01-31T13:36:58","guid":{"rendered":"https:\/\/marie-vincent.org\/training-for-professionals\/milieu-sociojudiciaire\/"},"modified":"2026-04-13T11:31:14","modified_gmt":"2026-04-13T15:31:14","slug":"socio-judicial-sector","status":"publish","type":"page","link":"https:\/\/marie-vincent.org\/en\/train\/socio-judicial-sector\/","title":{"rendered":"Socio-judicial Sector"},"content":{"rendered":"\t\t<header class=\"header-primary-a section-block with-background orange-theme\" data-scroll-section>\n\t\t\t<div class=\"container container-main\">\n\t\t\t\t<div class=\"row\">\n\t\t\t\t\t<div class=\"col-md-10 offset-md-1\">\n\t\t\t\t\t\t<div class=\"content\">\n\t\t\t\t\t\t\t<h1 class=\"title-1\">Training for Professionals in the <span class=\"highlight\">Socio-judicial<\/span> Sector\n<\/h1>\t\t\t\t\t\t\t\t\t\t\t\t\t<\/div>\n\t\t\t\t\t<\/div>\n\t\t\t\t<\/div>\n\t\t\t<\/div>\n\t\t\t\t\t<\/header>\n\t\n\n\t\t<section class=\"text-standard section-block with-background beige-theme\" data-scroll-section>\n\t\t\t<div class=\"container\">\n\t\t\t\t<div class=\"row row-main\">\n\t\t\t\t\t<div class=\"col-12 col-content\">\n\t\t\t\t\t\t<div class=\"content\">\n\t\t\t\t\t\t\t\t\t\t\t\t\t\t\n\t\t\t\t\t\t\t<div class=\"text\">\n\t\t\t\t\t\t\t\t<p>Marie-Vincent is proud to offer training sessions and resources each year to thousands of professionals working in the socio-judicial sector. Your role in the field is crucial in supporting children who are victims of sexual violence and their families as they navigate the socio-judicial process.<\/p>\n\t\t\t\t\t\t\t<\/div>\n\n\t\t\t\t\t\t\t\t\t\t\t\t\t<\/div>\n\t\t\t\t\t<\/div>\n\t\t\t\t<\/div>\n\t\t\t<\/div>\n\t\t<\/section>\n\t\n\n\t\t<section class=\"text-two-columns section-block with-background purple-theme\" data-scroll-section>\n\t\t\t<div class=\"container\">\n\t\t\t\t<div class=\"row row-main\">\n\t\t\t\t\t<div class=\"col-12 col-content\">\n\t\t\t\t\t\t<div class=\"content\">\n\t\t\t\t\t\t\t<h2 class=\"title title-2\">Who Are These Training Sessions For?<\/h2>\t\t\t\t\t\t\t<div class=\"text-content\">\n\t\t\t\t\t\t\t\t<div class=\"left\"><p>Our training sessions and tools are designed for:<\/p>\n<ul>\n<li>Law enforcement agents<\/li>\n<li>Investigators<\/li>\n<li>Youth Protection (DYP) workers<\/li>\n<li>Judiciary professionals<\/li>\n<li>Prosecutors<\/li>\n<\/ul>\n<\/div>\n\t\t\t\t\t\t\t\t<div class=\"right\"><ul>\n<li>Medico-legal professionals<\/li>\n<li>Victim support organizations<\/li>\n<li>Lawyers<\/li>\n<li>Legal aid<\/li>\n<li>Community organizations in the socio-judicial sector<\/li>\n<li>And mor<\/li>\n<\/ul>\n<\/div>\n\t\t\t\t\t\t\t<\/div>\n\n\t\t\t\t\t\t\t\t\t\t\t\t\t<\/div>\n\t\t\t\t\t<\/div>\n\t\t\t\t<\/div>\n\t\t\t<\/div>\n\t\t<\/section>\n\t\n\n\t\t<section class=\"uxpertise-courses section-block beige-theme\" data-scroll-section>\n\t\t\t<div class=\"wave-ctn\">\n\t\t\t\t<svg class=\"wave hidden-mobile\" viewBox=\"0 0 1920 120\">\n\t<path d=\"M1920 120V41.4S1524.8 4.8 1265.2 2C919.9-1.6 724.1 96.1 378.9 83.8 230.4 78.6 0 41.4 0 41.4V120h1920Z\" \/>\n\t<path class=\"line\" d=\"M360.9 115.4C214 115.4 2.2 95.6 0 95.4v-1c2.4.2 235 21.9 381.7 19.8C560 111.7 700.3 84.9 836 59.1c128.3-24.4 261-49.7 427.9-55.7 64.8-2.3 138.5-3.2 212.4-3.2 219 0 440.7 7.6 443.7 7.7v1c-4-.1-399.6-13.7-656.1-4.5-166.9 6-299.5 31.2-427.7 55.7-135.8 25.9-276.1 52.6-454.5 55.1-6.7 0-13.7.1-20.8.1Z\"\/>\n<\/svg>\n\n<svg class=\"wave hidden-desktop\" viewBox=\"0 0 390 64\">\n\t<path d=\"M390,64v-32s-52-24-105.5-24S129.7,41.3,60,35C30,32.3,0,17.6,0,17.6v46.4h390Z\"\/>\n\t<path class=\"line\" class=\"cls-1\" d=\"M79,45.5c-29,0-49-5.2-60.7-9.5C5.6,31.3,0,26.7-.3,26.5l.6-.8c0,0,5.9,4.8,18.4,9.4,11.6,4.3,31.4,9.4,60.3,9.4s69.8-11.5,103.3-22.6C215.7,10.9,250.2-.5,284.9-.5h0c51.8,0,104.7,25.1,105.2,25.4l-.4.9c-.5-.3-53.2-25.2-104.8-25.3h0c-34.6,0-69,11.4-102.3,22.4-33.6,11.1-68.4,22.6-103.6,22.6Z\"\/>\n<\/svg>\t\t\t<\/div>\n\t\t\t<div class=\"block-wrapper\">\n\t\t\t\t<div class=\"container\">\n\t\t\t\t\t<div class=\"content-wrapper\">\n\t\t\t\t\t\t<div class=\"row row-main\">\n\t\t\t\t\t\t\t<div class=\"col-md-8 offset-md-2 col-content\">\n\t\t\t\t\t\t\t\t<div class=\"content\">\n\t\t\t\t\t\t\t\t\t<h2 class=\"title-2\">Training Sessions\n<\/h2>\n\t\t\t\t\t\t\t\t\t\t\t\t\t\t\t\t\t\t\t<div class=\"text\"><p>Discover our specialized training programs.<\/p>\n<\/div>\n\t\t\t\t\t\t\t\t\t\t\t\t\t\t\t\t\t<\/div>\n\t\t\t\t\t\t\t<\/div>\n\t\t\t\t\t\t<\/div>\n\t\t\t\t\t\t<div class=\"row row-cards\">\n\t\t\t\t\t\t\t\t\t\t\t\t\t\t\t\t\t\t\t\t\t<div class=\"col-md-4 col-sm-6\">\n\t\t\t\t\t\t\t\t<article class=\"course-card\">\n\t\t\t\t\t\t\t\t\t<div class=\"content\">\n\t\t\t\t\t\t\t\t\t\t<h3 class=\"title-4\">Supporting Child Victims of Sexual Violence and Their Families Through the Socio-judicial Process<\/h3>\t\t\t\t\t\t\t\t\t\t\t\t\t\t\t\t\t\t\t<\/div>\n\t\t\t\t\t\t\t\t\t\t\t\t\t\t\t\t\t\t\t<div class=\"btns\">\n\t\t\t\t\t\t\t\t\t\t\t\t\t\t\t\t\t\t\t\t\t\t\t\t\t\t<a href=\"https:\/\/marie-vincent.uxpertise.ca\/catalogItemDetails\/supporting-child-victims-of-sexual-violence\/281\/-1\/-1\"\n\t\t\t\tclass=\"button button-primary\"\n\t\t\t\t target=\"_blank\" rel=\"noopener\" >\n\t\t\t\t\t\t\t\t\t<span class=\"text\">Learn More<\/span><i class=\"icon icon-training\" aria-hidden=\"true\"><\/i>\t\t\t\t\t\t\t<\/a>\n\t\t\t\t\t\t\t\t\t\t\t\t\t\t\t\t\t\t\t\t\t\t\t<\/div>\n\t\t\t\t\t\t\t\t\t\t\t\t\t\t\t\t\t<\/article>\n\t\t\t\t\t\t\t<\/div>\n\t\t\t\t\t\t\t\t\t\t\t\t\t\t<div class=\"col-md-4 col-sm-6\">\n\t\t\t\t\t\t\t\t<article class=\"course-card\">\n\t\t\t\t\t\t\t\t\t<div class=\"content\">\n\t\t\t\t\t\t\t\t\t\t<h3 class=\"title-4\">Supporting Child Victims of Sexual Violence and Their Families Through the Socio-judicial Process (2h &#8212; Paid)<\/h3>\t\t\t\t\t\t\t\t\t\t\t\t\t\t\t\t\t\t\t<\/div>\n\t\t\t\t\t\t\t\t\t\t\t\t\t\t\t\t\t\t\t<div class=\"btns\">\n\t\t\t\t\t\t\t\t\t\t\t\t\t\t\t\t\t\t\t\t\t\t\t\t\t\t<a href=\"https:\/\/marie-vincent.uxpertise.ca\/catalogItemDetails\/supporting-child-victims-of-sexual-violence\/295\/-1\/-1\"\n\t\t\t\tclass=\"button button-primary\"\n\t\t\t\t target=\"_blank\" rel=\"noopener\" >\n\t\t\t\t\t\t\t\t\t<span class=\"text\">Learn More<\/span><i class=\"icon icon-training\" aria-hidden=\"true\"><\/i>\t\t\t\t\t\t\t<\/a>\n\t\t\t\t\t\t\t\t\t\t\t\t\t\t\t\t\t\t\t\t\t\t\t<\/div>\n\t\t\t\t\t\t\t\t\t\t\t\t\t\t\t\t\t<\/article>\n\t\t\t\t\t\t\t<\/div>\n\t\t\t\t\t\t\t\t\t\t\t\t\t\t<div class=\"col-md-4 col-sm-6\">\n\t\t\t\t\t\t\t\t<article class=\"course-card\">\n\t\t\t\t\t\t\t\t\t<div class=\"content\">\n\t\t\t\t\t\t\t\t\t\t<h3 class=\"title-4\">Supporting Child Victims of Sexual Violence and Their Families Through the Socio-judicial Process (7h)<\/h3>\t\t\t\t\t\t\t\t\t\t\t\t\t\t\t\t\t\t\t<\/div>\n\t\t\t\t\t\t\t\t\t\t\t\t\t\t\t\t\t\t\t<div class=\"btns\">\n\t\t\t\t\t\t\t\t\t\t\t\t\t\t\t\t\t\t\t\t\t\t\t\t\t\t<a href=\"https:\/\/marie-vincent.uxpertise.ca\/catalogItemDetails\/en-accompagner-l-enfant-victime-de-violence-sexuelle-et-ses\/359\/-1\/-1\"\n\t\t\t\tclass=\"button button-primary\"\n\t\t\t\t target=\"_blank\" rel=\"noopener\" >\n\t\t\t\t\t\t\t\t\t<span class=\"text\">Learn More<\/span><i class=\"icon icon-training\" aria-hidden=\"true\"><\/i>\t\t\t\t\t\t\t<\/a>\n\t\t\t\t\t\t\t\t\t\t\t\t\t\t\t\t\t\t\t\t\t\t\t<\/div>\n\t\t\t\t\t\t\t\t\t\t\t\t\t\t\t\t\t<\/article>\n\t\t\t\t\t\t\t<\/div>\n\t\t\t\t\t\t\t\t\t\t\t\t\t\t<div class=\"col-md-4 col-sm-6\">\n\t\t\t\t\t\t\t\t<article class=\"course-card\">\n\t\t\t\t\t\t\t\t\t<div class=\"content\">\n\t\t\t\t\t\t\t\t\t\t<h3 class=\"title-4\">Basic Knowledge on Sexual Violence Against Youth and Its Consequences<\/h3>\t\t\t\t\t\t\t\t\t\t\t\t\t\t\t\t\t\t\t<\/div>\n\t\t\t\t\t\t\t\t\t\t\t\t\t\t\t\t\t\t\t<div class=\"btns\">\n\t\t\t\t\t\t\t\t\t\t\t\t\t\t\t\t\t\t\t\t\t\t\t\t\t\t<a href=\"https:\/\/marie-vincent.uxpertise.ca\/catalogItemDetails\/sociojudicial-members-basic-understanding-of-sexual-violence\/220\/-1\/-1\"\n\t\t\t\tclass=\"button button-primary\"\n\t\t\t\t target=\"_blank\" rel=\"noopener\" >\n\t\t\t\t\t\t\t\t\t<span class=\"text\">Learn More<\/span><i class=\"icon icon-training\" aria-hidden=\"true\"><\/i>\t\t\t\t\t\t\t<\/a>\n\t\t\t\t\t\t\t\t\t\t\t\t\t\t\t\t\t\t\t\t\t\t\t<\/div>\n\t\t\t\t\t\t\t\t\t\t\t\t\t\t\t\t\t<\/article>\n\t\t\t\t\t\t\t<\/div>\n\t\t\t\t\t\t\t\t\t\t\t\t\t\t<div class=\"col-md-4 col-sm-6\">\n\t\t\t\t\t\t\t\t<article class=\"course-card\">\n\t\t\t\t\t\t\t\t\t<div class=\"content\">\n\t\t\t\t\t\t\t\t\t\t<h3 class=\"title-4\">Basic Knowledge on Sexual Violence Against Youth and Its Consequences (Non-Members)<\/h3>\t\t\t\t\t\t\t\t\t\t\t\t\t\t\t\t\t\t\t<\/div>\n\t\t\t\t\t\t\t\t\t\t\t\t\t\t\t\t\t\t\t<div class=\"btns\">\n\t\t\t\t\t\t\t\t\t\t\t\t\t\t\t\t\t\t\t\t\t\t\t\t\t\t<a href=\"https:\/\/marie-vincent.uxpertise.ca\/catalogItemDetails\/non-membres-les-connaissances-de-base-sur-la-violence-sexuel\/219\/-1\/-1\"\n\t\t\t\tclass=\"button button-primary\"\n\t\t\t\t target=\"_blank\" rel=\"noopener\" >\n\t\t\t\t\t\t\t\t\t<span class=\"text\">Learn More<\/span><i class=\"icon icon-training\" aria-hidden=\"true\"><\/i>\t\t\t\t\t\t\t<\/a>\n\t\t\t\t\t\t\t\t\t\t\t\t\t\t\t\t\t\t\t\t\t\t\t<\/div>\n\t\t\t\t\t\t\t\t\t\t\t\t\t\t\t\t\t<\/article>\n\t\t\t\t\t\t\t<\/div>\n\t\t\t\t\t\t\t\t\t\t\t\t\t\t<div class=\"col-md-4 col-sm-6\">\n\t\t\t\t\t\t\t\t<article class=\"course-card\">\n\t\t\t\t\t\t\t\t\t<div class=\"content\">\n\t\t\t\t\t\t\t\t\t\t<h3 class=\"title-4\">Non-Suggestive Interviewing Using the NICHD Protocol<\/h3>\t\t\t\t\t\t\t\t\t\t\t\t\t\t\t\t\t\t\t<\/div>\n\t\t\t\t\t\t\t\t\t\t\t\t\t\t\t\t\t\t\t<div class=\"btns\">\n\t\t\t\t\t\t\t\t\t\t\t\t\t\t\t\t\t\t\t\t\t\t\t\t\t\t<a href=\"https:\/\/marie-vincent.uxpertise.ca\/catalogItemDetails\/nichd\/122\/-1\/-1\"\n\t\t\t\tclass=\"button button-primary\"\n\t\t\t\t target=\"_blank\" rel=\"noopener\" >\n\t\t\t\t\t\t\t\t\t<span class=\"text\">Learn More<\/span><i class=\"icon icon-training\" aria-hidden=\"true\"><\/i>\t\t\t\t\t\t\t<\/a>\n\t\t\t\t\t\t\t\t\t\t\t\t\t\t\t\t\t\t\t\t\t\t\t<\/div>\n\t\t\t\t\t\t\t\t\t\t\t\t\t\t\t\t\t<\/article>\n\t\t\t\t\t\t\t<\/div>\n\t\t\t\t\t\t\t\t\t\t\t\t\t<\/div>\n\t\t\t\t\t<\/div>\n\t\t\t\t<\/div>\n\t\t\t<\/div>\n\t\t<\/section>\n\t\n\n\t\t<section class=\"uxpertise-courses section-block purple-theme\" data-scroll-section>\n\t\t\t<div class=\"wave-ctn\">\n\t\t\t\t<svg class=\"wave hidden-mobile\" viewBox=\"0 0 1920 120\">\n\t<path d=\"M1920 120V41.4S1524.8 4.8 1265.2 2C919.9-1.6 724.1 96.1 378.9 83.8 230.4 78.6 0 41.4 0 41.4V120h1920Z\" \/>\n\t<path class=\"line\" d=\"M360.9 115.4C214 115.4 2.2 95.6 0 95.4v-1c2.4.2 235 21.9 381.7 19.8C560 111.7 700.3 84.9 836 59.1c128.3-24.4 261-49.7 427.9-55.7 64.8-2.3 138.5-3.2 212.4-3.2 219 0 440.7 7.6 443.7 7.7v1c-4-.1-399.6-13.7-656.1-4.5-166.9 6-299.5 31.2-427.7 55.7-135.8 25.9-276.1 52.6-454.5 55.1-6.7 0-13.7.1-20.8.1Z\"\/>\n<\/svg>\n\n<svg class=\"wave hidden-desktop\" viewBox=\"0 0 390 64\">\n\t<path d=\"M390,64v-32s-52-24-105.5-24S129.7,41.3,60,35C30,32.3,0,17.6,0,17.6v46.4h390Z\"\/>\n\t<path class=\"line\" class=\"cls-1\" d=\"M79,45.5c-29,0-49-5.2-60.7-9.5C5.6,31.3,0,26.7-.3,26.5l.6-.8c0,0,5.9,4.8,18.4,9.4,11.6,4.3,31.4,9.4,60.3,9.4s69.8-11.5,103.3-22.6C215.7,10.9,250.2-.5,284.9-.5h0c51.8,0,104.7,25.1,105.2,25.4l-.4.9c-.5-.3-53.2-25.2-104.8-25.3h0c-34.6,0-69,11.4-102.3,22.4-33.6,11.1-68.4,22.6-103.6,22.6Z\"\/>\n<\/svg>\t\t\t<\/div>\n\t\t\t<div class=\"block-wrapper\">\n\t\t\t\t<div class=\"container\">\n\t\t\t\t\t<div class=\"content-wrapper\">\n\t\t\t\t\t\t<div class=\"row row-main\">\n\t\t\t\t\t\t\t<div class=\"col-md-8 offset-md-2 col-content\">\n\t\t\t\t\t\t\t\t<div class=\"content\">\n\t\t\t\t\t\t\t\t\t<h2 class=\"title-2\">Tools\n<\/h2>\n\t\t\t\t\t\t\t\t\t\t\t\t\t\t\t\t\t<\/div>\n\t\t\t\t\t\t\t<\/div>\n\t\t\t\t\t\t<\/div>\n\t\t\t\t\t\t<div class=\"row row-cards\">\n\t\t\t\t\t\t\t\t\t\t\t\t\t\t\t\t\t\t\t\t\t<div class=\"col-md-4 col-sm-6\">\n\t\t\t\t\t\t\t\t<article class=\"course-card\">\n\t\t\t\t\t\t\t\t\t<div class=\"content\">\n\t\t\t\t\t\t\t\t\t\t<h3 class=\"title-4\">Livre Un pas \u00e0 la fois avec Lou<\/h3>\t\t\t\t\t\t\t\t\t\t\t\t\t\t\t\t\t\t\t\t\t<div class=\"text\"><p>L\u2019album illustr\u00e9 suit le personnage de Lou \u00e0 travers son exp\u00e9rience sociojudiciaire, du d\u00e9voilement de la violence sexuelle subie jusqu\u2019\u00e0 la fin de la trajectoire. Cet outil refl\u00e8te, \u00e0 l\u2019aide d\u2019une vulgarisation adapt\u00e9e aux capacit\u00e9s des enfants, les diff\u00e9rentes \u00e9tapes du processus sociojudiciaire et peut \u00eatre utilis\u00e9 par l\u2019ensemble des professionnel\u00b7le\u00b7s du secteur qui accompagnent l\u2019enfant victime de violence sexuelle et ses proches tout au long de la trajectoire.<\/p>\n<\/div>\n\t\t\t\t\t\t\t\t\t\t\t\t\t\t\t\t\t\t\t<\/div>\n\t\t\t\t\t\t\t\t\t\t\t\t\t\t\t\t\t<\/article>\n\t\t\t\t\t\t\t<\/div>\n\t\t\t\t\t\t\t\t\t\t\t\t\t\t<div class=\"col-md-4 col-sm-6\">\n\t\t\t\t\t\t\t\t<article class=\"course-card\">\n\t\t\t\t\t\t\t\t\t<div class=\"content\">\n\t\t\t\t\t\t\t\t\t\t<h3 class=\"title-4\">Livre audio Un pas \u00e0 la fois avec Lou (eBook)<\/h3>\t\t\t\t\t\t\t\t\t\t\t\t\t\t\t\t\t\t\t\t\t<div class=\"text\"><p>Le livre audio permet de suivre l\u2019histoire de Lou dans un autre format et de la rendre accessible pour un plus grand nombre d\u2019enfants victimes de violence sexuelle et de proches.<\/p>\n<\/div>\n\t\t\t\t\t\t\t\t\t\t\t\t\t\t\t\t\t\t\t<\/div>\n\t\t\t\t\t\t\t\t\t\t\t\t\t\t\t\t\t\t\t<div class=\"btns\">\n\t\t\t\t\t\t\t\t\t\t\t\t\t\t\t\t\t\t\t\t\t\t\t\t\t\t<a href=\"\/nouvelles\/livre-interactif-un-pas-a-la-fois-avec-lou\/\"\n\t\t\t\tclass=\"button button-primary\"\n\t\t\t\t >\n\t\t\t\t\t\t\t\t\t<span class=\"text\">Visionnez<\/span>\t\t\t\t\t\t\t<\/a>\n\t\t\t\t\t\t\t\t\t\t\t\t\t\t\t\t\t\t\t\t\t\t\t<\/div>\n\t\t\t\t\t\t\t\t\t\t\t\t\t\t\t\t\t<\/article>\n\t\t\t\t\t\t\t<\/div>\n\t\t\t\t\t\t\t\t\t\t\t\t\t\t<div class=\"col-md-4 col-sm-6\">\n\t\t\t\t\t\t\t\t<article class=\"course-card\">\n\t\t\t\t\t\t\t\t\t<div class=\"content\">\n\t\t\t\t\t\t\t\t\t\t<h3 class=\"title-4\">Animation 2D du livre Un pas \u00e0 la fois avec Lou<\/h3>\t\t\t\t\t\t\t\t\t\t\t\t\t\t\t\t\t\t\t\t\t<div class=\"text\"><p>Laissez-vous porter par la voix de notre porte-parole, M\u00e9lissa D\u00e9sormeaux-Poulin, dans cette animation 2D du livre Un pas \u00e0 la fois avec Lou qui fait vivre l\u2019histoire de Lou de mani\u00e8re plus dynamique!<\/p>\n<\/div>\n\t\t\t\t\t\t\t\t\t\t\t\t\t\t\t\t\t\t\t<\/div>\n\t\t\t\t\t\t\t\t\t\t\t\t\t\t\t\t\t\t\t<div class=\"btns\">\n\t\t\t\t\t\t\t\t\t\t\t\t\t\t\t\t\t\t\t\t\t\t\t\t\t\t<a href=\"https:\/\/www.youtube.com\/watch?v=hENEMUulRm4\"\n\t\t\t\tclass=\"button button-primary\"\n\t\t\t\t target=\"_blank\" rel=\"noopener\" >\n\t\t\t\t\t\t\t\t\t<span class=\"text\">Visionnez<\/span>\t\t\t\t\t\t\t<\/a>\n\t\t\t\t\t\t\t\t\t\t\t\t\t\t\t\t\t\t\t\t\t\t\t<\/div>\n\t\t\t\t\t\t\t\t\t\t\t\t\t\t\t\t\t<\/article>\n\t\t\t\t\t\t\t<\/div>\n\t\t\t\t\t\t\t\t\t\t\t\t\t\t<div class=\"col-md-4 col-sm-6\">\n\t\t\t\t\t\t\t\t<article class=\"course-card\">\n\t\t\t\t\t\t\t\t\t<div class=\"content\">\n\t\t\t\t\t\t\t\t\t\t<h3 class=\"title-4\">Guide d\u2019accompagnement Un pas \u00e0 la fois avec Lou (PDF) et ses activit\u00e9s compl\u00e9mentaires<\/h3>\t\t\t\t\t\t\t\t\t\t\t\t\t\t\t\t\t\t\t\t\t<div class=\"text\"><p><img decoding=\"async\" loading=\"lazy\" class=\"alignnone size-full wp-image-4096\" src=\"https:\/\/marievincent.agencearobas.ca\/wp-content\/uploads\/2025\/05\/guide-accompagnement-un-pas-a-pa-soif-avec-lou-image.png\" alt=\"\" width=\"200\" height=\"259\" srcset=\"https:\/\/marie-vincent.org\/wp-content\/uploads\/2025\/05\/guide-accompagnement-un-pas-a-pa-soif-avec-lou-image.png 200w, https:\/\/marie-vincent.org\/wp-content\/uploads\/2025\/05\/guide-accompagnement-un-pas-a-pa-soif-avec-lou-image-80x104.png 80w, https:\/\/marie-vincent.org\/wp-content\/uploads\/2025\/05\/guide-accompagnement-un-pas-a-pa-soif-avec-lou-image-186x241.png 186w\" sizes=\"auto, (max-width: 200px) 100vw, 200px\" \/><\/p>\n<p>Il s\u2019agit d\u2019un outil cl\u00e9 en main et compl\u00e9mentaire \u00e0 la lecture du livre Un pas \u00e0 la fois avec Lou ou au visionnement de l\u2019animation 2D du livre. Il permet aux professionnel\u00b7le\u00b7s de travailler plus en profondeur, \u00e0 travers quatre activit\u00e9s propos\u00e9es \u00e0 l\u2019enfant, certains messages cl\u00e9s et de renforcer la compr\u00e9hension et les comp\u00e9tences de l\u2019enfant victime.<\/p>\n<\/div>\n\t\t\t\t\t\t\t\t\t\t\t\t\t\t\t\t\t\t\t<\/div>\n\t\t\t\t\t\t\t\t\t\t\t\t\t\t\t\t\t\t\t<div class=\"btns\">\n\t\t\t\t\t\t\t\t\t\t\t\t\t\t\t\t\t\t\t\t\t\t\t\t\t\t<a href=\"\/wp-content\/uploads\/2025\/04\/Guide-daccompagnement-Un-pas-a-la-fois-avec-Lou_VF.pdf\"\n\t\t\t\tclass=\"button button-primary\"\n\t\t\t\t target=\"_blank\" rel=\"noopener\" >\n\t\t\t\t\t\t\t\t\t<span class=\"text\">T\u00e9l\u00e9chargez<\/span>\t\t\t\t\t\t\t<\/a>\n\t\t\t\t\t\t\t\t\t\t\t\t\t\t\t\t\t\t\t\t\t\t\t<\/div>\n\t\t\t\t\t\t\t\t\t\t\t\t\t\t\t\t\t<\/article>\n\t\t\t\t\t\t\t<\/div>\n\t\t\t\t\t\t\t\t\t\t\t\t\t\t<div class=\"col-md-4 col-sm-6\">\n\t\t\t\t\t\t\t\t<article class=\"course-card\">\n\t\t\t\t\t\t\t\t\t<div class=\"content\">\n\t\t\t\t\t\t\t\t\t\t<h3 class=\"title-4\">Trajectoire sociojudiciaire<\/h3>\t\t\t\t\t\t\t\t\t\t\t\t\t\t\t\t\t\t\t\t\t<div class=\"text\"><p><img decoding=\"async\" loading=\"lazy\" class=\"alignnone size-full wp-image-4100\" src=\"https:\/\/marievincent.agencearobas.ca\/wp-content\/uploads\/2025\/05\/trajectoire-sociojudiciaire-image.png\" alt=\"\" width=\"150\" height=\"247\" srcset=\"https:\/\/marie-vincent.org\/wp-content\/uploads\/2025\/05\/trajectoire-sociojudiciaire-image.png 150w, https:\/\/marie-vincent.org\/wp-content\/uploads\/2025\/05\/trajectoire-sociojudiciaire-image-80x132.png 80w\" sizes=\"auto, (max-width: 150px) 100vw, 150px\" \/><\/p>\n<p>Cet outil illustre, de fa\u00e7on simplifi\u00e9e, les \u00e9tapes principales par lesquelles l\u2019enfant victime de violence sexuelle et ses proches doivent passer. Il permet \u00e9galement de mettre de l\u2019avant toutes les \u00e9tapes par lesquelles l\u2019enfant peut \u00eatre amen\u00e9\u00b7e \u00e0 devoir r\u00e9p\u00e9ter son r\u00e9cit et \u00eatre expos\u00e9\u00b7e, par le fait m\u00eame, \u00e0 un risque de victimisation secondaire.<\/p>\n<\/div>\n\t\t\t\t\t\t\t\t\t\t\t\t\t\t\t\t\t\t\t<\/div>\n\t\t\t\t\t\t\t\t\t\t\t\t\t\t\t\t\t\t\t<div class=\"btns\">\n\t\t\t\t\t\t\t\t\t\t\t\t\t\t\t\t\t\t\t\t\t\t\t\t\t\t<a href=\"\/wp-content\/uploads\/2025\/04\/trajectoire-sociojudiciaire-2024-web-v1.pdf\"\n\t\t\t\tclass=\"button button-primary\"\n\t\t\t\t target=\"_blank\" rel=\"noopener\" >\n\t\t\t\t\t\t\t\t\t<span class=\"text\">T\u00e9l\u00e9chargez<\/span>\t\t\t\t\t\t\t<\/a>\n\t\t\t\t\t\t\t\t\t\t\t\t\t\t\t\t\t\t\t\t\t\t\t<\/div>\n\t\t\t\t\t\t\t\t\t\t\t\t\t\t\t\t\t<\/article>\n\t\t\t\t\t\t\t<\/div>\n\t\t\t\t\t\t\t\t\t\t\t\t\t\t<div class=\"col-md-4 col-sm-6\">\n\t\t\t\t\t\t\t\t<article class=\"course-card\">\n\t\t\t\t\t\t\t\t\t<div class=\"content\">\n\t\t\t\t\t\t\t\t\t\t<h3 class=\"title-4\">Conditions essentielles de la concertation<\/h3>\t\t\t\t\t\t\t\t\t\t\t\t\t\t\t\t\t\t\t\t\t<div class=\"text\"><p>Cet outil est un aide-m\u00e9moire qui reprend les conditions essentielles \u00e0 une bonne concertation qui font partie de l\u2019entente multisectorielle avec des exemples concrets pour les professionnel\u00b7le\u00b7s du secteur sociojudiciaire.<\/p>\n<\/div>\n\t\t\t\t\t\t\t\t\t\t\t\t\t\t\t\t\t\t\t<\/div>\n\t\t\t\t\t\t\t\t\t\t\t\t\t\t\t\t\t<\/article>\n\t\t\t\t\t\t\t<\/div>\n\t\t\t\t\t\t\t\t\t\t\t\t\t\t<div class=\"col-md-4 col-sm-6\">\n\t\t\t\t\t\t\t\t<article class=\"course-card\">\n\t\t\t\t\t\t\t\t\t<div class=\"content\">\n\t\t\t\t\t\t\t\t\t\t<h3 class=\"title-4\">Prendre soin de soi<\/h3>\t\t\t\t\t\t\t\t\t\t\t\t\t\t\t\t\t\t\t\t\t<div class=\"text\"><p>Ce coffre \u00e0 outils propose des autosoins qui peuvent \u00eatre utilis\u00e9s au quotidien par les professionnel\u00b7le\u00b7s qui accompagnent l\u2019enfant victime et ses proches dans la trajectoire sociojudiciaire pour pr\u00e9venir le trauma vicariant ou la fatigue de compassion.<\/p>\n<\/div>\n\t\t\t\t\t\t\t\t\t\t\t\t\t\t\t\t\t\t\t<\/div>\n\t\t\t\t\t\t\t\t\t\t\t\t\t\t\t\t\t<\/article>\n\t\t\t\t\t\t\t<\/div>\n\t\t\t\t\t\t\t\t\t\t\t\t\t\t<div class=\"col-md-4 col-sm-6\">\n\t\t\t\t\t\t\t\t<article class=\"course-card\">\n\t\t\t\t\t\t\t\t\t<div class=\"content\">\n\t\t\t\t\t\t\t\t\t\t<h3 class=\"title-4\">Discover All Tools for Professionals<\/h3>\t\t\t\t\t\t\t\t\t\t\t\t\t\t\t\t\t\t\t<\/div>\n\t\t\t\t\t\t\t\t\t\t\t\t\t\t\t\t\t\t\t<div class=\"btns\">\n\t\t\t\t\t\t\t\t\t\t\t\t\t\t\t\t\t\t\t\t\t\t\t\t\t\t<a href=\"\/en\/toolkit\/?audience=professionals\"\n\t\t\t\tclass=\"button button-primary\"\n\t\t\t\t >\n\t\t\t\t\t\t\t\t\t<span class=\"text\">Discover<\/span>\t\t\t\t\t\t\t<\/a>\n\t\t\t\t\t\t\t\t\t\t\t\t\t\t\t\t\t\t\t\t\t\t\t<\/div>\n\t\t\t\t\t\t\t\t\t\t\t\t\t\t\t\t\t<\/article>\n\t\t\t\t\t\t\t<\/div>\n\t\t\t\t\t\t\t\t\t\t\t\t\t<\/div>\n\t\t\t\t\t<\/div>\n\t\t\t\t<\/div>\n\t\t\t<\/div>\n\t\t<\/section>\n\t\n\n\t\t<div class=\"group-testimonials-block section-block with-background cream-theme\" data-scroll-section data-testimonials-slider>\n\t\t\t<div class=\"container\">\n\t\t\t\t<div class=\"content-wrapper\">\n\t\t\t\t\t<div class=\"row row-main\">\n\t\t\t\t\t\t<div class=\"col-md-5 col-sm-5 col-img\">\n\t\t\t\t\t\t\t\t\t\t\t\t\t\t\t<div class=\"splide slider\">\n\t\t\t\t\t\t\t\t\t<div class=\"slider-wrapper splide\" data-splide-slider-testimonial>\n\t\t\t\t\t\t\t\t\t\t<div class=\"splide__track slider-track\">\n\t\t\t\t\t\t\t\t\t\t\t<div class=\"splide__list slider-list\">\n\t\t\t\t\t\t\t\t\t\t\t\t\t\t\t\t\t\t\t\t\t\t\t\t\t<div class=\"splide__slide testimonial-slide\">\n\t\t\t\t\t\t\t\t\t\t\t\t\t\t\t\t\t\t\t\t\t\t\t\t\t\t\t\t\t<img decoding=\"async\" loading=\"lazy\" width=\"5220\" height=\"3472\" src=\"https:\/\/marie-vincent.org\/wp-content\/uploads\/2025\/12\/colleagues-studying-together-exam.jpg\" class=\"left-image\" alt=\"Sant\u00e9 et services sociaux\" sizes=\"auto\" srcset=\"https:\/\/marie-vincent.org\/wp-content\/uploads\/2025\/12\/colleagues-studying-together-exam.jpg 5220w, https:\/\/marie-vincent.org\/wp-content\/uploads\/2025\/12\/colleagues-studying-together-exam-300x200.jpg 300w, https:\/\/marie-vincent.org\/wp-content\/uploads\/2025\/12\/colleagues-studying-together-exam-1024x681.jpg 1024w, https:\/\/marie-vincent.org\/wp-content\/uploads\/2025\/12\/colleagues-studying-together-exam-768x511.jpg 768w, https:\/\/marie-vincent.org\/wp-content\/uploads\/2025\/12\/colleagues-studying-together-exam-1536x1022.jpg 1536w, https:\/\/marie-vincent.org\/wp-content\/uploads\/2025\/12\/colleagues-studying-together-exam-2048x1362.jpg 2048w, https:\/\/marie-vincent.org\/wp-content\/uploads\/2025\/12\/colleagues-studying-together-exam-80x53.jpg 80w, https:\/\/marie-vincent.org\/wp-content\/uploads\/2025\/12\/colleagues-studying-together-exam-186x124.jpg 186w, https:\/\/marie-vincent.org\/wp-content\/uploads\/2025\/12\/colleagues-studying-together-exam-206x137.jpg 206w, https:\/\/marie-vincent.org\/wp-content\/uploads\/2025\/12\/colleagues-studying-together-exam-238x158.jpg 238w, https:\/\/marie-vincent.org\/wp-content\/uploads\/2025\/12\/colleagues-studying-together-exam-275x183.jpg 275w, https:\/\/marie-vincent.org\/wp-content\/uploads\/2025\/12\/colleagues-studying-together-exam-428x285.jpg 428w, https:\/\/marie-vincent.org\/wp-content\/uploads\/2025\/12\/colleagues-studying-together-exam-550x366.jpg 550w, https:\/\/marie-vincent.org\/wp-content\/uploads\/2025\/12\/colleagues-studying-together-exam-580x386.jpg 580w, https:\/\/marie-vincent.org\/wp-content\/uploads\/2025\/12\/colleagues-studying-together-exam-780x519.jpg 780w, https:\/\/marie-vincent.org\/wp-content\/uploads\/2025\/12\/colleagues-studying-together-exam-885x589.jpg 885w, https:\/\/marie-vincent.org\/wp-content\/uploads\/2025\/12\/colleagues-studying-together-exam-900x599.jpg 900w, https:\/\/marie-vincent.org\/wp-content\/uploads\/2025\/12\/colleagues-studying-together-exam-960x639.jpg 960w, https:\/\/marie-vincent.org\/wp-content\/uploads\/2025\/12\/colleagues-studying-together-exam-1160x772.jpg 1160w, https:\/\/marie-vincent.org\/wp-content\/uploads\/2025\/12\/colleagues-studying-together-exam-1280x851.jpg 1280w, https:\/\/marie-vincent.org\/wp-content\/uploads\/2025\/12\/colleagues-studying-together-exam-1366x909.jpg 1366w, https:\/\/marie-vincent.org\/wp-content\/uploads\/2025\/12\/colleagues-studying-together-exam-1440x958.jpg 1440w, https:\/\/marie-vincent.org\/wp-content\/uploads\/2025\/12\/colleagues-studying-together-exam-1600x1064.jpg 1600w, https:\/\/marie-vincent.org\/wp-content\/uploads\/2025\/12\/colleagues-studying-together-exam-1920x1277.jpg 1920w\" \/>\t\t\t\t\t\t\t\t\t\t\t\t\t\t\t\t\t\t\t\t\t\t\t\t\t\t\t<\/div>\n\t\t\t\t\t\t\t\t\t\t\t\t\t\t\t\t\t\t\t\t\t\t\t\t\t<div class=\"splide__slide testimonial-slide\">\n\t\t\t\t\t\t\t\t\t\t\t\t\t\t\t\t\t\t\t\t\t\t\t\t\t\t\t\t\t<img decoding=\"async\" loading=\"lazy\" width=\"6000\" height=\"4000\" src=\"https:\/\/marie-vincent.org\/wp-content\/uploads\/2025\/12\/happy-black-teacher-schoolgirl-using-digital-tablet-classroom.jpg\" class=\"left-image\" alt=\"Etudiants primaire\" sizes=\"auto\" srcset=\"https:\/\/marie-vincent.org\/wp-content\/uploads\/2025\/12\/happy-black-teacher-schoolgirl-using-digital-tablet-classroom.jpg 6000w, https:\/\/marie-vincent.org\/wp-content\/uploads\/2025\/12\/happy-black-teacher-schoolgirl-using-digital-tablet-classroom-300x200.jpg 300w, https:\/\/marie-vincent.org\/wp-content\/uploads\/2025\/12\/happy-black-teacher-schoolgirl-using-digital-tablet-classroom-1024x683.jpg 1024w, https:\/\/marie-vincent.org\/wp-content\/uploads\/2025\/12\/happy-black-teacher-schoolgirl-using-digital-tablet-classroom-768x512.jpg 768w, https:\/\/marie-vincent.org\/wp-content\/uploads\/2025\/12\/happy-black-teacher-schoolgirl-using-digital-tablet-classroom-1536x1024.jpg 1536w, https:\/\/marie-vincent.org\/wp-content\/uploads\/2025\/12\/happy-black-teacher-schoolgirl-using-digital-tablet-classroom-2048x1365.jpg 2048w, https:\/\/marie-vincent.org\/wp-content\/uploads\/2025\/12\/happy-black-teacher-schoolgirl-using-digital-tablet-classroom-80x53.jpg 80w, https:\/\/marie-vincent.org\/wp-content\/uploads\/2025\/12\/happy-black-teacher-schoolgirl-using-digital-tablet-classroom-186x124.jpg 186w, https:\/\/marie-vincent.org\/wp-content\/uploads\/2025\/12\/happy-black-teacher-schoolgirl-using-digital-tablet-classroom-206x137.jpg 206w, https:\/\/marie-vincent.org\/wp-content\/uploads\/2025\/12\/happy-black-teacher-schoolgirl-using-digital-tablet-classroom-238x159.jpg 238w, https:\/\/marie-vincent.org\/wp-content\/uploads\/2025\/12\/happy-black-teacher-schoolgirl-using-digital-tablet-classroom-275x183.jpg 275w, https:\/\/marie-vincent.org\/wp-content\/uploads\/2025\/12\/happy-black-teacher-schoolgirl-using-digital-tablet-classroom-428x285.jpg 428w, https:\/\/marie-vincent.org\/wp-content\/uploads\/2025\/12\/happy-black-teacher-schoolgirl-using-digital-tablet-classroom-550x367.jpg 550w, https:\/\/marie-vincent.org\/wp-content\/uploads\/2025\/12\/happy-black-teacher-schoolgirl-using-digital-tablet-classroom-580x387.jpg 580w, https:\/\/marie-vincent.org\/wp-content\/uploads\/2025\/12\/happy-black-teacher-schoolgirl-using-digital-tablet-classroom-780x520.jpg 780w, https:\/\/marie-vincent.org\/wp-content\/uploads\/2025\/12\/happy-black-teacher-schoolgirl-using-digital-tablet-classroom-885x590.jpg 885w, https:\/\/marie-vincent.org\/wp-content\/uploads\/2025\/12\/happy-black-teacher-schoolgirl-using-digital-tablet-classroom-900x600.jpg 900w, https:\/\/marie-vincent.org\/wp-content\/uploads\/2025\/12\/happy-black-teacher-schoolgirl-using-digital-tablet-classroom-960x640.jpg 960w, https:\/\/marie-vincent.org\/wp-content\/uploads\/2025\/12\/happy-black-teacher-schoolgirl-using-digital-tablet-classroom-1160x773.jpg 1160w, https:\/\/marie-vincent.org\/wp-content\/uploads\/2025\/12\/happy-black-teacher-schoolgirl-using-digital-tablet-classroom-1280x853.jpg 1280w, https:\/\/marie-vincent.org\/wp-content\/uploads\/2025\/12\/happy-black-teacher-schoolgirl-using-digital-tablet-classroom-1366x911.jpg 1366w, https:\/\/marie-vincent.org\/wp-content\/uploads\/2025\/12\/happy-black-teacher-schoolgirl-using-digital-tablet-classroom-1440x960.jpg 1440w, https:\/\/marie-vincent.org\/wp-content\/uploads\/2025\/12\/happy-black-teacher-schoolgirl-using-digital-tablet-classroom-1600x1067.jpg 1600w, https:\/\/marie-vincent.org\/wp-content\/uploads\/2025\/12\/happy-black-teacher-schoolgirl-using-digital-tablet-classroom-1920x1280.jpg 1920w\" \/>\t\t\t\t\t\t\t\t\t\t\t\t\t\t\t\t\t\t\t\t\t\t\t\t\t\t\t<\/div>\n\t\t\t\t\t\t\t\t\t\t\t\t\t\t\t\t\t\t\t\t\t\t\t\t\t<div class=\"splide__slide testimonial-slide\">\n\t\t\t\t\t\t\t\t\t\t\t\t\t\t\t\t\t\t\t\t\t\t\t\t\t\t\t\t\t<img decoding=\"async\" loading=\"lazy\" width=\"7360\" height=\"4912\" src=\"https:\/\/marie-vincent.org\/wp-content\/uploads\/2025\/12\/cheerful-students-having-talk-classroom.jpg\" class=\"left-image\" alt=\"Etudiants secondaire\" sizes=\"auto\" srcset=\"https:\/\/marie-vincent.org\/wp-content\/uploads\/2025\/12\/cheerful-students-having-talk-classroom.jpg 7360w, https:\/\/marie-vincent.org\/wp-content\/uploads\/2025\/12\/cheerful-students-having-talk-classroom-300x200.jpg 300w, https:\/\/marie-vincent.org\/wp-content\/uploads\/2025\/12\/cheerful-students-having-talk-classroom-1024x683.jpg 1024w, https:\/\/marie-vincent.org\/wp-content\/uploads\/2025\/12\/cheerful-students-having-talk-classroom-768x513.jpg 768w, https:\/\/marie-vincent.org\/wp-content\/uploads\/2025\/12\/cheerful-students-having-talk-classroom-1536x1025.jpg 1536w, https:\/\/marie-vincent.org\/wp-content\/uploads\/2025\/12\/cheerful-students-having-talk-classroom-2048x1367.jpg 2048w, https:\/\/marie-vincent.org\/wp-content\/uploads\/2025\/12\/cheerful-students-having-talk-classroom-80x53.jpg 80w, https:\/\/marie-vincent.org\/wp-content\/uploads\/2025\/12\/cheerful-students-having-talk-classroom-186x124.jpg 186w, https:\/\/marie-vincent.org\/wp-content\/uploads\/2025\/12\/cheerful-students-having-talk-classroom-206x137.jpg 206w, https:\/\/marie-vincent.org\/wp-content\/uploads\/2025\/12\/cheerful-students-having-talk-classroom-238x159.jpg 238w, https:\/\/marie-vincent.org\/wp-content\/uploads\/2025\/12\/cheerful-students-having-talk-classroom-275x184.jpg 275w, https:\/\/marie-vincent.org\/wp-content\/uploads\/2025\/12\/cheerful-students-having-talk-classroom-428x286.jpg 428w, https:\/\/marie-vincent.org\/wp-content\/uploads\/2025\/12\/cheerful-students-having-talk-classroom-550x367.jpg 550w, https:\/\/marie-vincent.org\/wp-content\/uploads\/2025\/12\/cheerful-students-having-talk-classroom-580x387.jpg 580w, https:\/\/marie-vincent.org\/wp-content\/uploads\/2025\/12\/cheerful-students-having-talk-classroom-780x521.jpg 780w, https:\/\/marie-vincent.org\/wp-content\/uploads\/2025\/12\/cheerful-students-having-talk-classroom-885x591.jpg 885w, https:\/\/marie-vincent.org\/wp-content\/uploads\/2025\/12\/cheerful-students-having-talk-classroom-900x601.jpg 900w, https:\/\/marie-vincent.org\/wp-content\/uploads\/2025\/12\/cheerful-students-having-talk-classroom-960x641.jpg 960w, https:\/\/marie-vincent.org\/wp-content\/uploads\/2025\/12\/cheerful-students-having-talk-classroom-1160x774.jpg 1160w, https:\/\/marie-vincent.org\/wp-content\/uploads\/2025\/12\/cheerful-students-having-talk-classroom-1280x854.jpg 1280w, https:\/\/marie-vincent.org\/wp-content\/uploads\/2025\/12\/cheerful-students-having-talk-classroom-1366x912.jpg 1366w, https:\/\/marie-vincent.org\/wp-content\/uploads\/2025\/12\/cheerful-students-having-talk-classroom-1440x961.jpg 1440w, https:\/\/marie-vincent.org\/wp-content\/uploads\/2025\/12\/cheerful-students-having-talk-classroom-1600x1068.jpg 1600w, https:\/\/marie-vincent.org\/wp-content\/uploads\/2025\/12\/cheerful-students-having-talk-classroom-1920x1281.jpg 1920w\" \/>\t\t\t\t\t\t\t\t\t\t\t\t\t\t\t\t\t\t\t\t\t\t\t\t\t\t\t<\/div>\n\t\t\t\t\t\t\t\t\t\t\t\t\t\t\t\t\t\t\t\t\t\t\t\t\t<div class=\"splide__slide testimonial-slide\">\n\t\t\t\t\t\t\t\t\t\t\t\t\t\t\t\t\t\t\t\t\t\t\t\t\t\t\t\t\t<img decoding=\"async\" loading=\"lazy\" width=\"3840\" height=\"2160\" src=\"https:\/\/marie-vincent.org\/wp-content\/uploads\/2025\/09\/prevenir-violence-sexuelle-ado-12-17-ans.jpg\" class=\"left-image\" alt=\"\" sizes=\"auto\" srcset=\"https:\/\/marie-vincent.org\/wp-content\/uploads\/2025\/09\/prevenir-violence-sexuelle-ado-12-17-ans.jpg 3840w, https:\/\/marie-vincent.org\/wp-content\/uploads\/2025\/09\/prevenir-violence-sexuelle-ado-12-17-ans-300x169.jpg 300w, https:\/\/marie-vincent.org\/wp-content\/uploads\/2025\/09\/prevenir-violence-sexuelle-ado-12-17-ans-1024x576.jpg 1024w, https:\/\/marie-vincent.org\/wp-content\/uploads\/2025\/09\/prevenir-violence-sexuelle-ado-12-17-ans-768x432.jpg 768w, https:\/\/marie-vincent.org\/wp-content\/uploads\/2025\/09\/prevenir-violence-sexuelle-ado-12-17-ans-1536x864.jpg 1536w, https:\/\/marie-vincent.org\/wp-content\/uploads\/2025\/09\/prevenir-violence-sexuelle-ado-12-17-ans-2048x1152.jpg 2048w, https:\/\/marie-vincent.org\/wp-content\/uploads\/2025\/09\/prevenir-violence-sexuelle-ado-12-17-ans-80x45.jpg 80w, https:\/\/marie-vincent.org\/wp-content\/uploads\/2025\/09\/prevenir-violence-sexuelle-ado-12-17-ans-186x105.jpg 186w, https:\/\/marie-vincent.org\/wp-content\/uploads\/2025\/09\/prevenir-violence-sexuelle-ado-12-17-ans-206x116.jpg 206w, https:\/\/marie-vincent.org\/wp-content\/uploads\/2025\/09\/prevenir-violence-sexuelle-ado-12-17-ans-238x134.jpg 238w, https:\/\/marie-vincent.org\/wp-content\/uploads\/2025\/09\/prevenir-violence-sexuelle-ado-12-17-ans-275x155.jpg 275w, https:\/\/marie-vincent.org\/wp-content\/uploads\/2025\/09\/prevenir-violence-sexuelle-ado-12-17-ans-428x241.jpg 428w, https:\/\/marie-vincent.org\/wp-content\/uploads\/2025\/09\/prevenir-violence-sexuelle-ado-12-17-ans-550x309.jpg 550w, https:\/\/marie-vincent.org\/wp-content\/uploads\/2025\/09\/prevenir-violence-sexuelle-ado-12-17-ans-580x326.jpg 580w, https:\/\/marie-vincent.org\/wp-content\/uploads\/2025\/09\/prevenir-violence-sexuelle-ado-12-17-ans-780x439.jpg 780w, https:\/\/marie-vincent.org\/wp-content\/uploads\/2025\/09\/prevenir-violence-sexuelle-ado-12-17-ans-885x498.jpg 885w, https:\/\/marie-vincent.org\/wp-content\/uploads\/2025\/09\/prevenir-violence-sexuelle-ado-12-17-ans-900x506.jpg 900w, https:\/\/marie-vincent.org\/wp-content\/uploads\/2025\/09\/prevenir-violence-sexuelle-ado-12-17-ans-960x540.jpg 960w, https:\/\/marie-vincent.org\/wp-content\/uploads\/2025\/09\/prevenir-violence-sexuelle-ado-12-17-ans-1160x653.jpg 1160w, https:\/\/marie-vincent.org\/wp-content\/uploads\/2025\/09\/prevenir-violence-sexuelle-ado-12-17-ans-1280x720.jpg 1280w, https:\/\/marie-vincent.org\/wp-content\/uploads\/2025\/09\/prevenir-violence-sexuelle-ado-12-17-ans-1366x768.jpg 1366w, https:\/\/marie-vincent.org\/wp-content\/uploads\/2025\/09\/prevenir-violence-sexuelle-ado-12-17-ans-1440x810.jpg 1440w, https:\/\/marie-vincent.org\/wp-content\/uploads\/2025\/09\/prevenir-violence-sexuelle-ado-12-17-ans-1600x900.jpg 1600w, https:\/\/marie-vincent.org\/wp-content\/uploads\/2025\/09\/prevenir-violence-sexuelle-ado-12-17-ans-1920x1080.jpg 1920w\" \/>\t\t\t\t\t\t\t\t\t\t\t\t\t\t\t\t\t\t\t\t\t\t\t\t\t\t\t<\/div>\n\t\t\t\t\t\t\t\t\t\t\t\t\t\t\t\t\t\t\t\t\t\t\t<\/div>\n\t\t\t\t\t\t\t\t\t\t<\/div>\n\t\t\t\t\t\t\t\t\t<\/div>\n\t\t\t\t\t\t\t\t<\/div>\n\t\t\t\t\t\t\t\t\t\t\t\t\t<\/div>\n\t\t\t\t\t\t<div class=\"col-md-6 col-sm-6 offset-md-1 offset-sm-1 cards-slider splide \" data-splide-slider-main>\n\t\t\t\t\t\t\t<div class=\"splide__track\">\n\t\t\t\t\t\t\t\t<div class=\"splide__list\">\n\t\t\t\t\t\t\t\t\t\t\t\t\t\t\t\t\t\t<div class=\"splide__slide splide-slide\">\n\t\t\t\t\t\t\t\t\t\t<figure class=\"figure\">\n\t\t\t\t\t\t\t\t\t\t\t<blockquote class=\"blockquote\">\n\t\t\t\t\t\t\t\t\t\t\t\t<div class=\"text title-3\">\u00ab&nbsp;I really appreciated that the training addressed vicarious trauma and mental health for professionals in the system.&nbsp;\u00bb<\/div>\n\t\t\t\t\t\t\t\t\t\t\t<\/blockquote>\n\t\t\t\t\t\t\t\t\t\t\t\t\t\t\t\t\t\t\t\t\t<\/figure>\n\t\t\t\t\t\t\t\t\t\t<\/div>\n\t\t\t\t\t\t\t\t\t\t\t\t\t\t\t\t\t\t<div class=\"splide__slide splide-slide\">\n\t\t\t\t\t\t\t\t\t\t<figure class=\"figure\">\n\t\t\t\t\t\t\t\t\t\t\t<blockquote class=\"blockquote\">\n\t\t\t\t\t\t\t\t\t\t\t\t<div class=\"text title-3\">\u00ab&nbsp;I learned a lot about child and family psychology and secondary victimization.&nbsp;\u00bb<\/div>\n\t\t\t\t\t\t\t\t\t\t\t<\/blockquote>\n\t\t\t\t\t\t\t\t\t\t\t\t\t\t\t\t\t\t\t\t\t<\/figure>\n\t\t\t\t\t\t\t\t\t\t<\/div>\n\t\t\t\t\t\t\t\t\t\t\t\t\t\t\t\t\t\t<div class=\"splide__slide splide-slide\">\n\t\t\t\t\t\t\t\t\t\t<figure class=\"figure\">\n\t\t\t\t\t\t\t\t\t\t\t<blockquote class=\"blockquote\">\n\t\t\t\t\t\t\t\t\t\t\t\t<div class=\"text title-3\">\u00ab&nbsp;The training gave me several strategies with which to address children&#8217;s avoidance and helped me realize the suggestibility risks in my interviews!&nbsp;\u00bb<\/div>\n\t\t\t\t\t\t\t\t\t\t\t<\/blockquote>\n\t\t\t\t\t\t\t\t\t\t\t\t\t\t\t\t\t\t\t\t\t<\/figure>\n\t\t\t\t\t\t\t\t\t\t<\/div>\n\t\t\t\t\t\t\t\t\t\t\t\t\t\t\t\t\t\t<div class=\"splide__slide splide-slide\">\n\t\t\t\t\t\t\t\t\t\t<figure class=\"figure\">\n\t\t\t\t\t\t\t\t\t\t\t<blockquote class=\"blockquote\">\n\t\t\t\t\t\t\t\t\t\t\t\t<div class=\"text title-3\">\u00ab&nbsp;The refresher training was a necessary reminder of the objectives of each step in the protocol and the risks associated with certain types of questions during our interviews.&nbsp;\u00bb<\/div>\n\t\t\t\t\t\t\t\t\t\t\t<\/blockquote>\n\t\t\t\t\t\t\t\t\t\t\t\t\t\t\t\t\t\t\t\t\t<\/figure>\n\t\t\t\t\t\t\t\t\t\t<\/div>\n\t\t\t\t\t\t\t\t\t\t\t\t\t\t\t\t\t<\/div>\n\t\t\t\t\t\t\t<\/div>\n\t\t\t\t\t\t\t\t\t\t\t\t\t\t\t<div class=\"group-slider-navigation\">\n\t<div class=\"splide__arrows slider-navigation\">\n\t\t<div class=\"btns\">\n\t\t\t\t\t\t<button class=\"button button-primary button-icon splide__arrow splide__arrow--prev\" >\n\t\t\t\t\t\t\t\t\t<i class=\"icon icon-arrow-left\" aria-hidden=\"true\"><\/i>\t\t\t\t\t\t\t<\/button>\n\t\t\t\t\t\t\t\t<button class=\"button button-primary button-icon splide__arrow splide__arrow--next\" >\n\t\t\t\t\t\t\t\t\t<i class=\"icon icon-arrow-right\" aria-hidden=\"true\"><\/i>\t\t\t\t\t\t\t<\/button>\n\t\t\t\t<\/div>\n\t<\/div>\n<\/div>\t\t\t\t\t\t\t\t\t\t\t\t\t<\/div>\n\t\t\t\t\t<\/div>\n\t\t\t\t<\/div>\n\t\t\t<\/div>\n\t\t<\/div>\n\t","protected":false},"excerpt":{"rendered":"","protected":false},"author":5,"featured_media":0,"parent":6694,"menu_order":18,"comment_status":"closed","ping_status":"closed","template":"","meta":{"_acf_changed":false,"footnotes":""},"class_list":["post-6711","page","type-page","status-publish","hentry"],"acf":[],"_links":{"self":[{"href":"https:\/\/marie-vincent.org\/en\/wp-json\/wp\/v2\/pages\/6711","targetHints":{"allow":["GET"]}}],"collection":[{"href":"https:\/\/marie-vincent.org\/en\/wp-json\/wp\/v2\/pages"}],"about":[{"href":"https:\/\/marie-vincent.org\/en\/wp-json\/wp\/v2\/types\/page"}],"author":[{"embeddable":true,"href":"https:\/\/marie-vincent.org\/en\/wp-json\/wp\/v2\/users\/5"}],"replies":[{"embeddable":true,"href":"https:\/\/marie-vincent.org\/en\/wp-json\/wp\/v2\/comments?post=6711"}],"version-history":[{"count":4,"href":"https:\/\/marie-vincent.org\/en\/wp-json\/wp\/v2\/pages\/6711\/revisions"}],"predecessor-version":[{"id":7542,"href":"https:\/\/marie-vincent.org\/en\/wp-json\/wp\/v2\/pages\/6711\/revisions\/7542"}],"up":[{"embeddable":true,"href":"https:\/\/marie-vincent.org\/en\/wp-json\/wp\/v2\/pages\/6694"}],"wp:attachment":[{"href":"https:\/\/marie-vincent.org\/en\/wp-json\/wp\/v2\/media?parent=6711"}],"curies":[{"name":"wp","href":"https:\/\/api.w.org\/{rel}","templated":true}]}}